{"id":1566,"date":"2023-11-23T11:41:27","date_gmt":"2023-11-23T10:41:27","guid":{"rendered":"https:\/\/pie.cec.es\/?page_id=1566"},"modified":"2024-04-29T15:59:36","modified_gmt":"2024-04-29T13:59:36","slug":"proxecto-2023-2024","status":"publish","type":"page","link":"https:\/\/pie.cec.es\/index.php\/proxecto-2023-2024\/","title":{"rendered":"Proxecto 2023-2024"},"content":{"rendered":"<div id=\"pl-1566\"  class=\"panel-layout\" ><div id=\"pg-1566-0\"  class=\"panel-grid panel-has-style\" ><div class=\"panel-row-style panel-row-style-for-1566-0\" ><div id=\"pgc-1566-0-0\"  class=\"panel-grid-cell\" ><div id=\"panel-1566-0-0-0\" class=\"so-panel widget widget_themegrill_flash_heading tg-widget section-title-wrapper panel-first-child\" data-index=\"0\" >\t<h3 class=\"section-title\">Programa Integrado de Emprego da Confederaci\u00f3n de Empresarios de La Coru\u00f1a 2023\/24<\/h3>\n<\/div><div id=\"panel-1566-0-0-1\" class=\"so-panel widget widget_text\" data-index=\"1\" >\t\t\t<div class=\"textwidget\"><p>O\u00a0<strong>Programa Integrado de Emprego de Confederaci\u00f3n de Empresarios de La Coru\u00f1a 2023\/24<\/strong>, \u00e9 un proxecto intregrado de emprego con intermediaci\u00f3n laboral, gratuito, da Confederaci\u00f3n de Empresarios de La Coru\u00f1a, financiado pola Conseller\u00eda de Emprego, Comercio e Emigraci\u00f3n, cuxo obxectivo \u00e9\u00a0<strong>mellorar a empregabilidade e a inserci\u00f3n laboral<\/strong>\u00a0de 100 persoas traballadoras desempregadas da Coru\u00f1a, pertencentes aos colectivos identificados como prioritarios.<\/p>\n<p>Todas as persoas que participen no programa ter\u00e1n dereito a percibir unha bolsa consistente de\u00a0<strong>10\u20ac por cada d\u00eda de aproveitemento das acci\u00f3ns<\/strong>.<\/p>\n<\/div>\n\t\t<\/div><div id=\"panel-1566-0-0-2\" class=\"so-panel widget widget_sow-button panel-last-child\" data-index=\"2\" ><div\n\t\t\t\n\t\t\tclass=\"so-widget-sow-button so-widget-sow-button-flat-f54c0409268f-1566\"\n\t\t\t\n\t\t><div class=\"ow-button-base ow-button-align-center\">\n\t\t\t<a\n\t\t\t\t\thref=\"https:\/\/pie.cec.es\/index.php\/contactar\/\"\n\t\t\t\t\tclass=\"sowb-button ow-icon-placement-left ow-button-hover\" \t>\n\t\t<span>\n\t\t\t\n\t\t\tQuero atopar traballo\t\t<\/span>\n\t\t\t<\/a>\n\t<\/div>\n<\/div><\/div><\/div><\/div><\/div><div id=\"pg-1566-1\"  class=\"panel-grid panel-has-style\" ><div class=\"panel-row-style panel-row-style-for-1566-1\" ><div id=\"pgc-1566-1-0\"  class=\"panel-grid-cell\" ><div id=\"panel-1566-1-0-0\" class=\"so-panel widget widget_themegrill_flash_heading tg-widget section-title-wrapper panel-first-child panel-last-child\" data-index=\"3\" >\t<h3 class=\"section-title\">OBXECTIVOS XERAIS<\/h3>\n<\/div><\/div><\/div><\/div><div id=\"pg-1566-2\"  class=\"panel-grid panel-has-style\" ><div class=\"siteorigin-panels-stretch panel-row-style panel-row-style-for-1566-2\" data-stretch-type=\"full\" ><div id=\"pgc-1566-2-0\"  class=\"panel-grid-cell\" ><div id=\"panel-1566-2-0-0\" class=\"so-panel widget widget_themegrill_flash_service tg-widget tg-single-service panel-first-child panel-last-child\" data-index=\"4\" >\n<div class=\"tg-service-widget tg-service-layout-2\">\n\t<div class=\"service-wrapper\">\n\t\t<div class=\"service-icon-title-wrapper clearfix\">\n\t\t\t\t\t\t\t\t\t<figure class=\"service-image-wrap\"><img decoding=\"async\" src=\"\/wp-content\/uploads\/2018\/09\/O1.jpg\" \/><\/figure>\n\t\t\t\t\t\t\t\t\t<h3 class=\"service-title-wrap\">\n\t\t\t\tPrimeiro Obxectivo\t\t\t\t\t\t\t<\/h3>\n\t\t\t\t\t<\/div>\n\t\t\t\t<div class=\"service-content-wrap\">Facilitar o acceso ao mercado laboral das persoas participantes no Plan<\/div>\n\t\t\t\t\t<\/div>\n<\/div>\n<\/div><\/div><div id=\"pgc-1566-2-1\"  class=\"panel-grid-cell\" ><div id=\"panel-1566-2-1-0\" class=\"so-panel widget widget_themegrill_flash_service tg-widget tg-single-service panel-first-child panel-last-child\" data-index=\"5\" >\n<div class=\"tg-service-widget tg-service-layout-2\">\n\t<div class=\"service-wrapper\">\n\t\t<div class=\"service-icon-title-wrapper clearfix\">\n\t\t\t\t\t\t\t\t\t<figure class=\"service-image-wrap\"><img decoding=\"async\" src=\"\/wp-content\/uploads\/2018\/09\/O2.jpg\" \/><\/figure>\n\t\t\t\t\t\t\t\t\t<h3 class=\"service-title-wrap\">\n\t\t\t\tSegundo Obxectivo\t\t\t\t\t\t\t<\/h3>\n\t\t\t\t\t<\/div>\n\t\t\t\t<div class=\"service-content-wrap\">Aumentar a s\u00faa formaci\u00f3n e habilidades para a inserci\u00f3n laboral, mellorando os seus co\u00f1ecementos, actitudes e aptitudes para a empregabilidade.<\/div>\n\t\t\t\t\t<\/div>\n<\/div>\n<\/div><\/div><div id=\"pgc-1566-2-2\"  class=\"panel-grid-cell\" ><div id=\"panel-1566-2-2-0\" class=\"so-panel widget widget_themegrill_flash_service tg-widget tg-single-service panel-first-child panel-last-child\" data-index=\"6\" >\n<div class=\"tg-service-widget tg-service-layout-2\">\n\t<div class=\"service-wrapper\">\n\t\t<div class=\"service-icon-title-wrapper clearfix\">\n\t\t\t\t\t\t\t\t\t<figure class=\"service-image-wrap\"><img decoding=\"async\" src=\"\/wp-content\/uploads\/2018\/09\/O3.jpg\" \/><\/figure>\n\t\t\t\t\t\t\t\t\t<h3 class=\"service-title-wrap\">\n\t\t\t\tTercer Obxectivo\t\t\t\t\t\t\t<\/h3>\n\t\t\t\t\t<\/div>\n\t\t\t\t<div class=\"service-content-wrap\">Levar a cabo procesos de intermediaci\u00f3n laboral entre empresas e os participantes<\/div>\n\t\t\t\t\t<\/div>\n<\/div>\n<\/div><\/div><\/div><\/div><div id=\"pg-1566-3\"  class=\"panel-grid panel-has-style\" ><div class=\"panel-row-style panel-row-style-for-1566-3\" ><div id=\"pgc-1566-3-0\"  class=\"panel-grid-cell\" ><div id=\"panel-1566-3-0-0\" class=\"so-panel widget widget_themegrill_flash_heading tg-widget section-title-wrapper panel-first-child\" data-index=\"7\" >\t<h3 class=\"section-title\">COLECTIVOS BENEFICIARIOS<\/h3>\n\t<div class=\"section-description\">Persoas da Coru\u00f1a en situaci\u00f3n de desemprego.<\/div>\n<\/div><div id=\"panel-1566-3-0-1\" class=\"so-panel widget widget_text panel-last-child\" data-index=\"8\" >\t\t\t<div class=\"textwidget\"><table style=\"height: 650px;\" width=\"873\">\n<tbody>\n<tr>\n<td width=\"499\">Persoas desempregadas con discapacidade<\/td>\n<td width=\"35\">5<\/td>\n<\/tr>\n<tr>\n<td width=\"499\">Persoas desempregadas beneficiarias do tramo de inserci\u00f3n da renda de inclusi\u00f3n social de Galicia e persoas en risco de exclusi\u00f3n social<\/td>\n<td width=\"35\">10<\/td>\n<\/tr>\n<tr>\n<td width=\"499\">Mulleres desempregadas que acrediten a condici\u00f3n de v\u00edtimas de violencia de x\u00e9nero<\/td>\n<td width=\"35\">5<\/td>\n<\/tr>\n<tr>\n<td width=\"499\">Persoas desempregadas menores de 30 anos con baixa cualificaci\u00f3n<\/td>\n<td width=\"35\">35<\/td>\n<\/tr>\n<tr>\n<td width=\"499\">Persoas desempregadas menores de 30 anos cualificadas<\/td>\n<td width=\"35\">20<\/td>\n<\/tr>\n<tr>\n<td width=\"499\">Persoas desempregadas maiores de 45<\/td>\n<td width=\"35\">10<\/td>\n<\/tr>\n<tr>\n<td width=\"499\">Persoas desempregadas perceptoras de prestaci\u00f3ns, subsidios por desemprego ou renda activa de inserci\u00f3n (RAI)<\/td>\n<td width=\"35\">5<\/td>\n<\/tr>\n<tr>\n<td width=\"499\">Mulleres desempregadas<\/td>\n<td width=\"35\">5<\/td>\n<\/tr>\n<tr>\n<td width=\"499\">Persoas desempregadas migrantes<\/td>\n<td width=\"35\">5<\/td>\n<\/tr>\n<tr>\n<td width=\"499\">Total<\/td>\n<td width=\"35\">100<\/td>\n<\/tr>\n<\/tbody>\n<\/table>\n<\/div>\n\t\t<\/div><\/div><\/div><\/div><div id=\"pg-1566-4\"  class=\"panel-grid panel-has-style\" ><div class=\"panel-row-style panel-row-style-for-1566-4\" ><div id=\"pgc-1566-4-0\"  class=\"panel-grid-cell\" ><div id=\"panel-1566-4-0-0\" class=\"so-panel widget widget_themegrill_flash_heading tg-widget section-title-wrapper panel-first-child panel-last-child\" data-index=\"9\" >\t<h3 class=\"section-title\">ASPECTOS INNOVADORES<\/h3>\n<\/div><\/div><\/div><\/div><div id=\"pg-1566-5\"  class=\"panel-grid panel-no-style\" ><div id=\"pgc-1566-5-0\"  class=\"panel-grid-cell panel-grid-cell-empty\" ><\/div><div id=\"pgc-1566-5-1\"  class=\"panel-grid-cell panel-grid-cell-mobile-last\" ><div id=\"panel-1566-5-1-0\" class=\"so-panel widget widget_text panel-first-child panel-last-child\" data-index=\"10\" >\t\t\t<div class=\"textwidget\"><ul>\n<li>Metodolox\u00eda adaptada \u00e1s necesidades das persoas usuarias<\/li>\n<li>Uso de novas tecnolox\u00edas para favorecer a comunicaci\u00f3n coas persoas usuarias e o acceso aos contidos do programa<\/li>\n<li>Uso de redes sociais para conseguir unha mellor comunicaci\u00f3n<\/li>\n<li>Canles de\u00a0 comunicaci\u00f3n coas orientadoras do Programa, para interactuar en todo momento e facilitar a resoluci\u00f3n de d\u00fabidas ou calquera cuesti\u00f3n que se lle poda presentar \u00e1 persoa usuaria ante unha entrevista de traballo e que requira dunha resposta r\u00e1pida e o m\u00e1is inmediata posible.<\/li>\n<li>Aula virtual que permitir\u00e1 a interacci\u00f3n do profesorado en tempo real a trav\u00e9s dun escenario de ensino sincr\u00f3nico. Permitindo tam\u00e9n poder ver as clases gravadas en diferido.<\/li>\n<\/ul>\n<\/div>\n\t\t<\/div><\/div><div id=\"pgc-1566-5-2\"  class=\"panel-grid-cell panel-grid-cell-empty\" ><\/div><\/div><div id=\"pg-1566-6\"  class=\"panel-grid panel-has-style\" ><div class=\"panel-row-style panel-row-style-for-1566-6\" ><div id=\"pgc-1566-6-0\"  class=\"panel-grid-cell\" ><div id=\"panel-1566-6-0-0\" class=\"so-panel widget widget_themegrill_flash_heading tg-widget section-title-wrapper panel-first-child panel-last-child\" data-index=\"11\" >\t<h3 class=\"section-title\">MEDIDAS DE CONCILIACI\u00d3N<\/h3>\n<\/div><\/div><\/div><\/div><div id=\"pg-1566-7\"  class=\"panel-grid panel-no-style\" ><div id=\"pgc-1566-7-0\"  class=\"panel-grid-cell panel-grid-cell-empty\" ><\/div><div id=\"pgc-1566-7-1\"  class=\"panel-grid-cell panel-grid-cell-mobile-last\" ><div id=\"panel-1566-7-1-0\" class=\"so-panel widget widget_text panel-first-child panel-last-child\" data-index=\"12\" >\t\t\t<div class=\"textwidget\"><ul>\n<li><strong>Aposta polo uso de novas tecnolox\u00edas<\/strong>para reducir a presencialidade e facilitar o seguimento das acci\u00f3ns<\/li>\n<li><strong>Adaptaci\u00f3n horarios<\/strong>, principalmente nas acci\u00f3ns individuais, \u00e1s necesidades das persoas usuarias<\/li>\n<li>Amplas\u00a0<strong>posibilidades de interacci\u00f3n e participaci\u00f3n<\/strong>, favorecendo a iteraci\u00f3n flexibilidade, adaptaci\u00f3n a cada persoa usuaria.<\/li>\n<li><strong>Adecuaci\u00f3n<\/strong>de horarios das actividades programadas a\u00a0<strong>horario escolar<\/strong><\/li>\n<li><strong>Sensibilizaci\u00f3n transversal<\/strong>en cada unha das actividades do proxecto<\/li>\n<li><strong>Persoalizaci\u00f3n e adaptaci\u00f3n das actividades<\/strong>do programa \u00e1s necesidades dos usuarios<\/li>\n<li>Servizo de garder\u00eda e asistencia a dependentes:\u00a0<strong>convenio con centro especializado de atenci\u00f3n<\/strong><\/li>\n<\/ul>\n<\/div>\n\t\t<\/div><\/div><div id=\"pgc-1566-7-2\"  class=\"panel-grid-cell panel-grid-cell-empty\" ><\/div><\/div><div id=\"pg-1566-8\"  class=\"panel-grid panel-has-style\" ><div class=\"panel-row-style panel-row-style-for-1566-8\" ><div id=\"pgc-1566-8-0\"  class=\"panel-grid-cell\" ><div id=\"panel-1566-8-0-0\" class=\"so-panel widget widget_themegrill_flash_heading tg-widget section-title-wrapper panel-first-child\" data-index=\"13\" >\t<h3 class=\"section-title\">CONTIDOS DA ACCI\u00d3N FORMATIVA<\/h3>\n\t<div class=\"section-description\">Os beneficiarios\/as do proxecto gozar\u00e1n da formaci\u00f3n a partir de xaneiro de 2023, divididas en:<\/div>\n<\/div><div id=\"panel-1566-8-0-1\" class=\"so-panel widget widget_text\" data-index=\"14\" >\t\t\t<div class=\"textwidget\"><table>\n<tbody>\n<tr>\n<td colspan=\"2\">PROPOSTA FORMATIVA<\/td>\n<\/tr>\n<tr>\n<td>Formaci\u00f3n Transversal:<\/td>\n<td>SSCE03- Ingl\u00e9s B1 (240 horas). Presencial<br \/>\nIFCM012PO- Sinatura Dixital (20 horas).\u00a0 Teleformaci\u00f3n<br \/>\nADGG052PO: Office: Word, Excel, Access y PowerPoint\u00a0 (60horas). Presencial<br \/>\nPreparaci\u00f3n para o Celga 2 (20 horas).\u00a0 Presencial<\/td>\n<\/tr>\n<tr>\n<td>Formaci\u00f3n para o emprego:<\/td>\n<td>SSCB012PO- Monitor\/a de Tempo Libre (60 horas).Presencial<br \/>\nSSCG074PO- Teleasistencia (50 horas). Teleformaci\u00f3n<br \/>\nSSCB018PO- Entornos Inclusivos de Ocio( 35 horas).Presencial<br \/>\nADGG077PO- T\u00e9cnicas Administrativas (50 horas). Teleformaci\u00f3n<br \/>\nCOML001PO- Conducci\u00f3n de carretillas elevadoras (20 horas). Presencial<br \/>\nCOMM017PO- Plan de Marketing e Organizaci\u00f3n de vendas (35 horas).\u00a0 Teleformaci\u00f3n<br \/>\nFCOM01- Manipulador\/a de alimentos\u00a0 (10 horas). Presencial<br \/>\nHOTU001PO- Ecoturismo (60 horas). Presencial<br \/>\nFCOO02- SENSIBILIZACI\u00d3N NA IGUALDADE DE OPORTUNIDADES (20 horas). Presencial<br \/>\nCurso de fotograf\u00eda e Video con m\u00f3vil (15 horas). Presencial<br \/>\nAcreditaci\u00f3n Docente para a Teleformaci\u00f3n (60 horas). Teleformaci\u00f3n<\/td>\n<\/tr>\n<tr>\n<td>Obradoiros:<\/td>\n<td>ADGD089PO Emprendemento: Noci\u00f3ns \u2013 Teleformaci\u00f3n (36 horas)<br \/>\nTMVI06Mobilidade intelixente para un futuro post-COVID19 \u2013 Teleformaci\u00f3n (20 horas)<br \/>\nHabilidades Sociolaborais- Presencial (5 horas)<br \/>\nSimulaci\u00f3ns de entrevistas \u2013 Presencial (5 horas)<br \/>\nIntelixencia emocional \u2013 Presencial (5 horas)<br \/>\nCoaching de vida e t\u00e9cnicas de motivaci\u00f3n- Presencial (5 horas)<\/td>\n<\/tr>\n<\/tbody>\n<\/table>\n<\/div>\n\t\t<\/div><div id=\"panel-1566-8-0-2\" class=\"so-panel widget widget_sow-button panel-last-child\" data-index=\"15\" ><div\n\t\t\t\n\t\t\tclass=\"so-widget-sow-button so-widget-sow-button-flat-f54c0409268f-1566\"\n\t\t\t\n\t\t><div class=\"ow-button-base ow-button-align-center\">\n\t\t\t<a\n\t\t\t\t\thref=\"https:\/\/pie.cec.es\/index.php\/contactar\/\"\n\t\t\t\t\tclass=\"sowb-button ow-icon-placement-left ow-button-hover\" \t>\n\t\t<span>\n\t\t\t\n\t\t\tInscr\u00edbete gratis!\t\t<\/span>\n\t\t\t<\/a>\n\t<\/div>\n<\/div><\/div><\/div><\/div><\/div><div id=\"pg-1566-9\"  class=\"panel-grid panel-has-style\" ><div class=\"panel-row-style panel-row-style-for-1566-9\" ><div id=\"pgc-1566-9-0\"  class=\"panel-grid-cell\" ><div id=\"panel-1566-9-0-0\" class=\"so-panel widget widget_themegrill_flash_heading tg-widget section-title-wrapper panel-first-child\" data-index=\"16\" >\t<h3 class=\"section-title\">NECESITAS TRABALLADORES\/AS PARA A T\u00daA EMPRESA?<\/h3>\n<\/div><div id=\"panel-1566-9-0-1\" class=\"so-panel widget widget_text\" data-index=\"17\" >\t\t\t<div class=\"textwidget\"><p align=\"center\">Este programa invita a t\u00f3dalas empresas que desexen contratar persoal a po\u00f1erse en contacto coa CEC a trav\u00e9s de pie@cec.es<\/p>\n<\/div>\n\t\t<\/div><div id=\"panel-1566-9-0-2\" class=\"so-panel widget widget_themegrill_flash_heading tg-widget section-title-wrapper\" data-index=\"18\" >\t<h3 class=\"section-title\">Programas Integrados de Emprego de Galicia<\/h3>\n<\/div><div id=\"panel-1566-9-0-3\" class=\"so-panel widget widget_themegrill_flash_image tg-widget tg-image-widget panel-last-child\" data-index=\"19\" ><div class=\"panel-widget-style panel-widget-style-for-1566-9-0-3\" >\t<a href=\"https:\/\/emprego.xunta.gal\/portal\/es\/11-demandantes\/demandantes-sp\/471-programas-integrados-de-empleo-nuevo.html\"><img decoding=\"async\" src=\"https:\/\/pie.cec.es\/wp-content\/uploads\/2024\/04\/logos-web-pie-2023-2024.jpg\" \/><\/a>\n<\/div><\/div><\/div><\/div><\/div><\/div>","protected":false},"excerpt":{"rendered":"<p>O\u00a0Programa Integrado de Emprego de Confederaci\u00f3n de Empresarios de La Coru\u00f1a 2023\/24, \u00e9 un proxecto intregrado de emprego con intermediaci\u00f3n [&hellip;]<\/p>\n","protected":false},"author":1,"featured_media":0,"parent":0,"menu_order":0,"comment_status":"closed","ping_status":"closed","template":"","meta":{"footnotes":""},"class_list":["post-1566","page","type-page","status-publish","hentry"],"_links":{"self":[{"href":"https:\/\/pie.cec.es\/index.php\/wp-json\/wp\/v2\/pages\/1566","targetHints":{"allow":["GET"]}}],"collection":[{"href":"https:\/\/pie.cec.es\/index.php\/wp-json\/wp\/v2\/pages"}],"about":[{"href":"https:\/\/pie.cec.es\/index.php\/wp-json\/wp\/v2\/types\/page"}],"author":[{"embeddable":true,"href":"https:\/\/pie.cec.es\/index.php\/wp-json\/wp\/v2\/users\/1"}],"replies":[{"embeddable":true,"href":"https:\/\/pie.cec.es\/index.php\/wp-json\/wp\/v2\/comments?post=1566"}],"version-history":[{"count":13,"href":"https:\/\/pie.cec.es\/index.php\/wp-json\/wp\/v2\/pages\/1566\/revisions"}],"predecessor-version":[{"id":1569,"href":"https:\/\/pie.cec.es\/index.php\/wp-json\/wp\/v2\/pages\/1566\/revisions\/1569"}],"wp:attachment":[{"href":"https:\/\/pie.cec.es\/index.php\/wp-json\/wp\/v2\/media?parent=1566"}],"curies":[{"name":"wp","href":"https:\/\/api.w.org\/{rel}","templated":true}]}}